{"version":"1.0","provider_name":"BEEP.rent","provider_url":"https:\/\/beep.rent\/baza-wiedzy","author_name":"Beep.rent","author_url":"https:\/\/beep.rent\/baza-wiedzy\/autor\/ernest\/","title":"Mandat z fotoradaru w wynaj\u0119tym aucie - kto p\u0142aci i co z punktami karnymi? - BEEP.rent","type":"rich","width":600,"height":338,"html":"<blockquote class=\"wp-embedded-content\" data-secret=\"tnkBn8Zo0S\"><a href=\"https:\/\/beep.rent\/baza-wiedzy\/mandat-z-fotoradaru-w-wynajetym-aucie\/\">Mandat z fotoradaru w wynaj\u0119tym aucie &#8211; kto p\u0142aci i co z punktami karnymi?<\/a><\/blockquote><iframe sandbox=\"allow-scripts\" security=\"restricted\" src=\"https:\/\/beep.rent\/baza-wiedzy\/mandat-z-fotoradaru-w-wynajetym-aucie\/embed\/#?secret=tnkBn8Zo0S\" width=\"600\" height=\"338\" title=\"&#8222;Mandat z fotoradaru w wynaj\u0119tym aucie &#8211; kto p\u0142aci i co z punktami karnymi?&#8221; &#8212; BEEP.rent\" data-secret=\"tnkBn8Zo0S\" frameborder=\"0\" marginwidth=\"0\" marginheight=\"0\" scrolling=\"no\" class=\"wp-embedded-content\"><\/iframe><script type=\"text\/javascript\">\n\/* <![CDATA[ *\/\n\/*! This file is auto-generated *\/\n!function(d,l){\"use strict\";l.querySelector&&d.addEventListener&&\"undefined\"!=typeof URL&&(d.wp=d.wp||{},d.wp.receiveEmbedMessage||(d.wp.receiveEmbedMessage=function(e){var t=e.data;if((t||t.secret||t.message||t.value)&&!\/[^a-zA-Z0-9]\/.test(t.secret)){for(var s,r,n,a=l.querySelectorAll('iframe[data-secret=\"'+t.secret+'\"]'),o=l.querySelectorAll('blockquote[data-secret=\"'+t.secret+'\"]'),c=new RegExp(\"^https?:$\",\"i\"),i=0;i<o.length;i++)o[i].style.display=\"none\";for(i=0;i<a.length;i++)s=a[i],e.source===s.contentWindow&&(s.removeAttribute(\"style\"),\"height\"===t.message?(1e3<(r=parseInt(t.value,10))?r=1e3:~~r<200&&(r=200),s.height=r):\"link\"===t.message&&(r=new URL(s.getAttribute(\"src\")),n=new URL(t.value),c.test(n.protocol))&&n.host===r.host&&l.activeElement===s&&(d.top.location.href=t.value))}},d.addEventListener(\"message\",d.wp.receiveEmbedMessage,!1),l.addEventListener(\"DOMContentLoaded\",function(){for(var e,t,s=l.querySelectorAll(\"iframe.wp-embedded-content\"),r=0;r<s.length;r++)(t=(e=s[r]).getAttribute(\"data-secret\"))||(t=Math.random().toString(36).substring(2,12),e.src+=\"#?secret=\"+t,e.setAttribute(\"data-secret\",t)),e.contentWindow.postMessage({message:\"ready\",secret:t},\"*\")},!1)))}(window,document);\n\/* ]]> *\/\n<\/script>\n","thumbnail_url":"https:\/\/beep.rent\/baza-wiedzy\/wp-content\/uploads\/2025\/09\/Mandat-z-fotoradaru-w-wynaje\u0328tym-aucie.webp","thumbnail_width":1700,"thumbnail_height":1134,"description":"Wynaj\u0119cie samochodu nie zwalnia z odpowiedzialno\u015bci za przestrzeganie przepis\u00f3w ruchu drogowego. Procedura obs\u0142ugi mandat\u00f3w z fotoradar\u00f3w w przypadku pojazd\u00f3w wypo\u017cyczonych r\u00f3\u017cni si\u0119 jednak ..."}